{"id":164,"date":"2017-11-08T11:45:40","date_gmt":"2017-11-08T13:45:40","guid":{"rendered":"https:\/\/cienciapolitica.ufpr.br\/decp\/?page_id=164"},"modified":"2025-03-10T13:38:12","modified_gmt":"2025-03-10T16:38:12","slug":"utilidades-para-docentes","status":"publish","type":"page","link":"https:\/\/cienciapolitica.ufpr.br\/decp\/utilidades-para-docentes\/","title":{"rendered":"Utilidades para docentes"},"content":{"rendered":"<h4 style=\"text-align: center\"><span style=\"color: #0000ff\"><strong>S<a style=\"color: #0000ff\" href=\"https:\/\/sei.ufpr.br\/sei\/web\/\" target=\"_blank\" rel=\"noopener noreferrer\">EI &#8211; SISTEMA ELETR\u00d4NICO DE INFORMA\u00c7\u00d5ES<\/a><\/strong><\/span><\/h4>\n<div style=\"margin: 10px 10px 10px 10px\">\n<div style=\"margin: 10px 10px 10px 10px\">\n<p><span style=\"color: #000000\"><a style=\"color: #000000\" href=\"http:\/\/www.cgr.ufpr.br\/portal\/sei-material-de-apoio\/\">Material de apoio<\/a><\/span><\/p>\n<h4><\/h4>\n<h4 style=\"text-align: center\"><strong><span style=\"color: #0000ff\">Manuten\u00e7\u00e3o dos Computadores do Setor de Humanas<\/span><br \/>\n<\/strong><\/h4>\n<p style=\"text-align: left\"><span style=\"color: #000000\">Enviar e-mail para: <a style=\"color: #000000\" href=\"http:\/\/ti.sch@ufpr.br\">ti.sch@ufpr.br<\/a>\u00a0 &#8211;\u00a0 brunomartins@ufpr.br<\/span><br \/>\nhttps:\/\/www.agtic.ufpr.br\/portal\/<\/p>\n<p style=\"text-align: left\"><strong><span style=\"color: #000000\"><a style=\"color: #000000\" href=\"https:\/\/www.agtic.ufpr.br\/portal\/precisa-de-ajuda\/\">AGTIC<\/a><\/span><\/strong><\/p>\n<p>&nbsp;<\/p>\n<h4 style=\"text-align: center\"><span style=\"color: #0000ff\"><a style=\"color: #0000ff\" href=\"http:\/\/www.cppd.ufpr.br\/portal\/\" target=\"_blank\" rel=\"noopener noreferrer\"><strong>Comiss\u00e3o Permanente de Pessoal\u00a0Docente<\/strong><\/a><\/span><\/h4>\n<p><span style=\"color: #000000\">Contato:\u00a03360-5107 e\u00a03360-5209<\/span><br \/>\n<span style=\"color: #000000\">e-mail: cppd@ufpr.br<\/span><\/p>\n<p><span style=\"color: #000000\">A partir de janeiro de 2018 todos os processos de progress\u00e3o e promo\u00e7\u00e3o devem ser realizados via Intranet.<\/span><\/p>\n<p><span style=\"color: #000000\">Link direto:<strong><span style=\"color: #0000ff\"> https:\/\/intranet.ufpr.br\/progressaodocente<\/span><\/strong><\/span><br \/>\n<span style=\"color: #000000\">Observa\u00e7\u00e3o: o docente dever\u00e1 efetuar o login, o mesmo utilizado na Intranet, para prosseguir.<\/span><\/p>\n<p><span style=\"color: #000000\">90 Dias Antes:\u00a0Os processos de progress\u00e3o\/promo\u00e7\u00e3o docente podem ser abertos com anteced\u00eancia de at\u00e9 90 dias em rela\u00e7\u00e3o \u00e0 finaliza\u00e7\u00e3o do interst\u00edcio.<\/span><\/p>\n<h4 style=\"text-align: center\"><span style=\"color: #0000ff\"><a style=\"color: #0000ff\" href=\"http:\/\/www.prograd.ufpr.br\/portal\/\" target=\"_blank\" rel=\"noopener noreferrer\">PROGRAD<\/a><\/span><\/h4>\n<p><span style=\"color: #000000\"><a style=\"color: #000000\" href=\"http:\/\/www.prograd.ufpr.br\/portal\/copap\/formularios\/\">Formul\u00e1rios gerais<\/a><\/span><\/p>\n<p style=\"text-align: left\"><span style=\"color: #000000\"><a style=\"color: #000000\" href=\"http:\/\/www.prograd.ufpr.br\/portal\/copeg\/orientacao-curricular-2\/\" target=\"_blank\" rel=\"noopener noreferrer\">Orienta\u00e7\u00e3o Curricular &#8211; Ementas<\/a><\/span><\/p>\n<p style=\"text-align: left\"><strong><span style=\"color: #000000\">Novo Boletim de Notas e Frequ\u00eancia:\u00a0<\/span><\/strong><\/p>\n<p><span style=\"color: #000000\">Informamos que foi disponibilizado um novo formul\u00e1rio no SEI chamado PROGRAD: Boletim de Notas e Frequ\u00eancia.<\/span><br \/>\n<span style=\"color: #000000\">Este documento substitui o formul\u00e1rio anexo em nossa p\u00e1gina.<\/span><\/p>\n<p><span style=\"color: #000000\">O novo documento permite o preenchimento on-line das informa\u00e7\u00f5es e assinatura eletr\u00f4nica, assim, otimiza-se o processo e evita a impress\u00e3o de formul\u00e1rios formato pdf.<\/span><br \/>\n<span style=\"color: #000000\">Deste modo, o docente abre o processo e envia diretamente ao Departamento no qual \u00e9 lotado.<\/span><\/p>\n<p><span style=\"color: #000000\"><a style=\"color: #000000\" href=\"http:\/\/www.prppg.ufpr.br\/moodle\/\">Moodle<\/a><\/span><\/p>\n<p><span style=\"color: #000000\"><a style=\"color: #000000\" href=\"https:\/\/ufpraberta.ufpr.br\/course\/view.php?id=9\">Conhe\u00e7a o SIGA<\/a><\/span><\/p>\n<pre style=\"text-align: left\"><\/pre>\n<\/div>\n<div style=\"margin: 10px 10px 10px 10px\">\n<h4 style=\"text-align: center\"><span style=\"color: #0000ff\"><a style=\"color: #0000ff\" href=\"http:\/\/www.proec.ufpr.br\/index.html\">Extens\u00e3o Universit\u00e1ria<\/a><\/span><\/h4>\n<p style=\"text-align: left\"><span style=\"color: #0000ff\"><strong>Orienta\u00e7\u00f5es Sigeu:\u00a0<\/strong><\/span><span style=\"color: #000000\"><a style=\"color: #000000\" href=\"http:\/\/www.proec.ufpr.br\/links\/extensao\/sigeu.html\">Clique aqui.<\/a><\/span><\/p>\n<p style=\"text-align: left\"><span style=\"color: #000000\">Check list de eventos e cursos de extens\u00e3o:<\/span><\/p>\n<ul style=\"text-align: left\">\n<li><span style=\"color: #000000\">\u00a0Eventos e cursos que n\u00e3o foram submetidos dentro do prazo (30 dias antes do in\u00edcio do evento ou curso), sem a devida justificativa,\u00a0 n\u00e3o ser\u00e3o aprovados.<\/span><\/li>\n<li><span style=\"color: #000000\">Se for um evento ou curso vinculado a um programa ou projeto \u00e9 preciso colocar o n\u00famero do programa e\/ou projeto, n\u00e3o apenas o nome;<\/span><\/li>\n<li><span style=\"color: #000000\">Colaborador ou ministrante externo precisa ter curr\u00edculo anexado no campo recursos humanos.<\/span><\/li>\n<li><span style=\"color: #000000\">Frequ\u00eancia e certifica\u00e7\u00e3o: precisa estar expl\u00edcito 80% de frequ\u00eancia m\u00ednima e quem ser\u00e1 certificado.<\/span><\/li>\n<li><span style=\"color: #000000\">Objetivo geral: precisa contemplar as normas extensionistas da resolu\u00e7\u00e3o 72\/11 CEPE.<\/span><\/li>\n<li><span style=\"color: #000000\">Tomar cuidado, h\u00e1 eventos de extens\u00e3o\/ projetos que se caracterizam como cursos de extens\u00e3o.\u00a0 Exemplos: treinamento, capacita\u00e7\u00e3o, aulas, etc.<\/span><\/li>\n<li><span style=\"color: #000000\">Qualquer parceria com institui\u00e7\u00f5es de fora da UFPR, necessita anexar a carta de parceria (em pdf) no formul\u00e1rio.<\/span><\/li>\n<\/ul>\n<p style=\"text-align: left\"><strong><span style=\"color: #000000\"><a style=\"color: #000000\" href=\"http:\/\/www.proec.ufpr.br\/links\/extensao\/contatos.html\">Contatos<\/a><\/span><\/strong><\/p>\n<p style=\"text-align: left\"><strong><span style=\"color: #000000\">Email:\u00a0<a style=\"color: #000000\" href=\"mailto:coexsch@ufpr.br\" target=\"_blank\" rel=\"noopener noreferrer\">coexsch@ufpr.br<\/a><\/span><\/strong><\/p>\n<h4 style=\"text-align: left\"><span style=\"color: #0000ff\"><strong><a style=\"color: #0000ff\" href=\"http:\/\/www.prppg.ufpr.br\/site\/pesquisa\/banpesq_thales\/\" target=\"_blank\" rel=\"noopener noreferrer\">Banpesq\/Thales<\/a><\/strong><\/span><\/h4>\n<\/div>\n<div style=\"margin: 10px 10px 10px 10px\">\n<h4><span style=\"color: #0000ff\"><strong><a style=\"color: #0000ff\" href=\"http:\/\/www.humanas.ufpr.br\/portal\/contato\/\">Contatos Setor de Ci\u00eancias Humanas<\/a><\/strong>.<\/span><\/h4>\n<\/div>\n<\/div>\n","protected":false},"excerpt":{"rendered":"<p>SEI &#8211; SISTEMA ELETR\u00d4NICO DE INFORMA\u00c7\u00d5ES Material de apoio Manuten\u00e7\u00e3o dos Computadores do Setor de Humanas Enviar e-mail para: ti.sch@ufpr.br\u00a0 &#8211;\u00a0 brunomartins@ufpr.br https:\/\/www.agtic.ufpr.br\/portal\/ AGTIC &nbsp; Comiss\u00e3o Permanente de Pessoal\u00a0Docente Contato:\u00a03360-5107 e\u00a03360-5209 e-mail: cppd@ufpr.br A partir [&hellip;]<\/p>\n","protected":false},"author":20,"featured_media":0,"parent":0,"menu_order":0,"comment_status":"closed","ping_status":"closed","template":"","meta":{"footnotes":""},"class_list":["post-164","page","type-page","status-publish","hentry"],"_links":{"self":[{"href":"https:\/\/cienciapolitica.ufpr.br\/decp\/wp-json\/wp\/v2\/pages\/164","targetHints":{"allow":["GET"]}}],"collection":[{"href":"https:\/\/cienciapolitica.ufpr.br\/decp\/wp-json\/wp\/v2\/pages"}],"about":[{"href":"https:\/\/cienciapolitica.ufpr.br\/decp\/wp-json\/wp\/v2\/types\/page"}],"author":[{"embeddable":true,"href":"https:\/\/cienciapolitica.ufpr.br\/decp\/wp-json\/wp\/v2\/users\/20"}],"replies":[{"embeddable":true,"href":"https:\/\/cienciapolitica.ufpr.br\/decp\/wp-json\/wp\/v2\/comments?post=164"}],"version-history":[{"count":20,"href":"https:\/\/cienciapolitica.ufpr.br\/decp\/wp-json\/wp\/v2\/pages\/164\/revisions"}],"predecessor-version":[{"id":1670,"href":"https:\/\/cienciapolitica.ufpr.br\/decp\/wp-json\/wp\/v2\/pages\/164\/revisions\/1670"}],"wp:attachment":[{"href":"https:\/\/cienciapolitica.ufpr.br\/decp\/wp-json\/wp\/v2\/media?parent=164"}],"curies":[{"name":"wp","href":"https:\/\/api.w.org\/{rel}","templated":true}]}}